{"id":2365,"date":"2025-09-10T14:34:59","date_gmt":"2025-09-10T13:34:59","guid":{"rendered":"https:\/\/www.universalhotel.it\/domu\/"},"modified":"2026-02-03T11:55:58","modified_gmt":"2026-02-03T10:55:58","slug":"domu","status":"publish","type":"page","link":"https:\/\/www.universalhotel.it\/cs\/","title":{"rendered":"Dom\u016f"},"content":{"rendered":"\t\t<div data-elementor-type=\"wp-page\" data-elementor-id=\"2365\" class=\"elementor elementor-2365 elementor-1043\">\n\t\t\t\t<div class=\"elementor-element elementor-element-dd4712c e-con-full e-flex e-con e-parent\" data-id=\"dd4712c\" data-element_type=\"container\" data-settings=\"{&quot;background_background&quot;:&quot;slideshow&quot;,&quot;background_slideshow_gallery&quot;:[{&quot;id&quot;:2330,&quot;url&quot;:&quot;https:\\\/\\\/www.universalhotel.it\\\/wp-content\\\/uploads\\\/2026\\\/01\\\/CAMERA_-Personalizzato.jpg&quot;},{&quot;id&quot;:2350,&quot;url&quot;:&quot;https:\\\/\\\/www.universalhotel.it\\\/wp-content\\\/uploads\\\/2026\\\/01\\\/BAR_-Personalizzato.jpg&quot;},{&quot;id&quot;:2352,&quot;url&quot;:&quot;https:\\\/\\\/www.universalhotel.it\\\/wp-content\\\/uploads\\\/2026\\\/01\\\/SALOTTO_-Personalizzato.jpg&quot;},{&quot;id&quot;:2351,&quot;url&quot;:&quot;https:\\\/\\\/www.universalhotel.it\\\/wp-content\\\/uploads\\\/2026\\\/01\\\/RECEPTION_-Personalizzato.jpg&quot;},{&quot;id&quot;:2366,&quot;url&quot;:&quot;https:\\\/\\\/www.universalhotel.it\\\/wp-content\\\/uploads\\\/2026\\\/01\\\/hotel-universal-new.jpg&quot;}],&quot;background_slideshow_ken_burns&quot;:&quot;yes&quot;,&quot;background_slideshow_loop&quot;:&quot;yes&quot;,&quot;background_slideshow_slide_duration&quot;:5000,&quot;background_slideshow_slide_transition&quot;:&quot;fade&quot;,&quot;background_slideshow_transition_duration&quot;:500,&quot;background_slideshow_ken_burns_zoom_direction&quot;:&quot;in&quot;}\">\n\t\t<div class=\"elementor-element elementor-element-a983e4e e-flex e-con-boxed e-con e-child\" data-id=\"a983e4e\" data-element_type=\"container\">\n\t\t\t\t\t<div class=\"e-con-inner\">\n\t\t<div class=\"elementor-element elementor-element-f1c5975 e-con-full e-flex e-con e-child\" data-id=\"f1c5975\" data-element_type=\"container\">\n\t\t\t\t<div class=\"elementor-element elementor-element-aef1ba2 elementor-widget elementor-widget-heading\" data-id=\"aef1ba2\" data-element_type=\"widget\" data-widget_type=\"heading.default\">\n\t\t\t\t\t<h2 class=\"elementor-heading-title elementor-size-default\">Stejn\u00e9 mo\u0159e. <br>Nov\u00fd z\u00e1\u017eitek.<\/h2>\t\t\t\t<\/div>\n\t\t\t\t<div class=\"elementor-element elementor-element-8d556bf elementor-widget__width-initial elementor-widget elementor-widget-text-editor\" data-id=\"8d556bf\" data-element_type=\"widget\" data-widget_type=\"text-editor.default\">\n\t\t\t\t\t\t\t\t\t<p>Va\u0161e p\u0159\u00ed\u0161t\u00ed dovolen\u00e1 v Caorle, nov\u00fd z\u00e1\u017eitek relaxace a pohodl\u00ed.<\/p>\t\t\t\t\t\t\t\t<\/div>\n\t\t\t\t<\/div>\n\t\t\t\t\t<\/div>\n\t\t\t\t<\/div>\n\t\t\t\t<\/div>\n\t\t<div class=\"elementor-element elementor-element-8954c90 e-flex e-con-boxed e-con e-parent\" data-id=\"8954c90\" data-element_type=\"container\" data-settings=\"{&quot;background_background&quot;:&quot;classic&quot;}\">\n\t\t\t\t\t<div class=\"e-con-inner\">\n\t\t<div class=\"elementor-element elementor-element-ec53b41 e-con-full e-flex e-con e-child\" data-id=\"ec53b41\" data-element_type=\"container\">\n\t\t\t\t<div class=\"elementor-element elementor-element-0eccd74 elementor-widget__width-initial elementor-widget elementor-widget-heading\" data-id=\"0eccd74\" data-element_type=\"widget\" data-widget_type=\"heading.default\">\n\t\t\t\t\t<h2 class=\"elementor-heading-title elementor-size-default\">Pot\u011b\u0161en\u00ed z dovolen\u00e9 p\u00e1r krok\u016f od mo\u0159e: <mark style=\"color:#969696\">v\u00edtejte v Hotelu Universal<\/mark><\/h2>\t\t\t\t<\/div>\n\t\t\t\t<div class=\"elementor-element elementor-element-91adc1f elementor-widget elementor-widget-text-editor\" data-id=\"91adc1f\" data-element_type=\"widget\" data-widget_type=\"text-editor.default\">\n\t\t\t\t\t\t\t\t\t<p>V\u00fdhodn\u00e1 poloha 50 metr\u016f od soukrom\u00e9 pl\u00e1\u017ee, design zam\u011b\u0159en\u00fd na va\u0161e blaho. Pono\u0159te se do tepla na\u0161eho baz\u00e9nu, objevujte m\u011bsto na na\u0161ich kolech a u\u017e\u00edvejte si pohodl\u00ed zcela zrekonstruovan\u00e9ho za\u0159\u00edzen\u00ed vybaven\u00e9ho v\u0161emi vymo\u017eenostmi.<\/p><p><strong>V\u00e1\u0161 nov\u00fd z\u00e1\u017eitek z dovolen\u00e9 za\u010d\u00edn\u00e1 zde.<\/strong><\/p>\t\t\t\t\t\t\t\t<\/div>\n\t\t\t\t<div class=\"elementor-element elementor-element-4e9e299 ct-button-icon elementor-tablet-align-center elementor-widget elementor-widget-button\" data-id=\"4e9e299\" data-element_type=\"widget\" data-widget_type=\"button.default\">\n\t\t\t\t\t\t\t\t\t\t<a class=\"elementor-button elementor-button-link elementor-size-sm\" href=\"https:\/\/www.universalhotel.it\/cs\/sluzby\/\">\n\t\t\t\t\t\t<span class=\"elementor-button-content-wrapper\">\n\t\t\t\t\t\t<span class=\"elementor-button-icon\">\n\t\t\t\t\t\t\t<\/span>\n\t\t\t\t\t\t\t\t\t<span class=\"elementor-button-text\">Zjistit v\u00edce<\/span>\n\t\t\t\t\t<\/span>\n\t\t\t\t\t<\/a>\n\t\t\t\t\t\t\t\t<\/div>\n\t\t\t\t<\/div>\n\t\t<div class=\"elementor-element elementor-element-32f6977 e-con-full e-flex e-con e-child\" data-id=\"32f6977\" data-element_type=\"container\" data-settings=\"{&quot;background_background&quot;:&quot;classic&quot;}\">\n\t\t\t\t<div class=\"elementor-element elementor-element-bcf678d elementor-widget elementor-widget-image\" data-id=\"bcf678d\" data-element_type=\"widget\" data-widget_type=\"image.default\">\n\t\t\t\t\t\t\t\t\t\t\t\t\t\t\t<img fetchpriority=\"high\" decoding=\"async\" width=\"1024\" height=\"768\" src=\"https:\/\/www.universalhotel.it\/wp-content\/uploads\/2026\/02\/20260202_174001-1024x768.jpg\" class=\"attachment-large size-large wp-image-2513\" alt=\"\" srcset=\"https:\/\/www.universalhotel.it\/wp-content\/uploads\/2026\/02\/20260202_174001-1024x768.jpg 1024w, https:\/\/www.universalhotel.it\/wp-content\/uploads\/2026\/02\/20260202_174001-300x225.jpg 300w, https:\/\/www.universalhotel.it\/wp-content\/uploads\/2026\/02\/20260202_174001-768x576.jpg 768w, https:\/\/www.universalhotel.it\/wp-content\/uploads\/2026\/02\/20260202_174001-1536x1152.jpg 1536w, https:\/\/www.universalhotel.it\/wp-content\/uploads\/2026\/02\/20260202_174001.jpg 1639w\" sizes=\"(max-width: 1024px) 100vw, 1024px\" \/>\t\t\t\t\t\t\t\t\t\t\t\t\t\t\t<\/div>\n\t\t\t\t<div class=\"elementor-element elementor-element-4918f7f elementor-widget elementor-widget-text-editor\" data-id=\"4918f7f\" data-element_type=\"widget\" data-widget_type=\"text-editor.default\">\n\t\t\t\t\t\t\t\t\t<p>pr\u00e1ce prob\u00edh\u00e1&#8230;<\/p>\t\t\t\t\t\t\t\t<\/div>\n\t\t\t\t<\/div>\n\t\t\t\t\t<\/div>\n\t\t\t\t<\/div>\n\t\t<div class=\"elementor-element elementor-element-93b81f9 e-flex e-con-boxed e-con e-parent\" data-id=\"93b81f9\" data-element_type=\"container\" data-settings=\"{&quot;background_background&quot;:&quot;classic&quot;}\">\n\t\t\t\t\t<div class=\"e-con-inner\">\n\t\t<div class=\"elementor-element elementor-element-c2901a5 e-con-full ct-backdrop e-flex e-con e-child\" data-id=\"c2901a5\" data-element_type=\"container\">\n\t\t\t\t<div class=\"elementor-element elementor-element-8f0835d elementor-widget elementor-widget-heading\" data-id=\"8f0835d\" data-element_type=\"widget\" data-widget_type=\"heading.default\">\n\t\t\t\t\t<h2 class=\"elementor-heading-title elementor-size-default\">N\u00e1\u0161 baz\u00e9n. <br><mark style=\"color:#583c1b\">Vyh\u0159\u00edvan\u00fd.<\/mark><\/h2>\t\t\t\t<\/div>\n\t\t\t\t<div class=\"elementor-element elementor-element-4f12bdc elementor-widget elementor-widget-text-editor\" data-id=\"4f12bdc\" data-element_type=\"widget\" data-widget_type=\"text-editor.default\">\n\t\t\t\t\t\t\t\t\t<p>U\u017eijte si pot\u011b\u0161en\u00ed z osv\u011b\u017euj\u00edc\u00edho plav\u00e1n\u00ed v na\u0161em vyh\u0159\u00edvan\u00e9m baz\u00e9nu, kde najdete v\u0161e pot\u0159ebn\u00e9 pro v\u00e1\u0161 relax: leh\u00e1tka p\u0159ipraven\u00e1 v\u00e1s p\u0159iv\u00edtat a \u0161irok\u00e9 slune\u010dn\u00edky pro va\u0161e chv\u00edle ve st\u00ednu.<\/p>\t\t\t\t\t\t\t\t<\/div>\n\t\t\t\t<\/div>\n\t\t\t\t\t<\/div>\n\t\t\t\t<\/div>\n\t\t<div class=\"elementor-element elementor-element-b9155be e-flex e-con-boxed e-con e-parent\" data-id=\"b9155be\" data-element_type=\"container\" data-settings=\"{&quot;background_background&quot;:&quot;classic&quot;}\">\n\t\t\t\t\t<div class=\"e-con-inner\">\n\t\t<div class=\"elementor-element elementor-element-0925246 e-con-full e-flex e-con e-child\" data-id=\"0925246\" data-element_type=\"container\">\n\t\t<div class=\"elementor-element elementor-element-8e02451 e-con-full e-flex e-con e-child\" data-id=\"8e02451\" data-element_type=\"container\">\n\t\t\t\t<div class=\"elementor-element elementor-element-607d1e9 elementor-widget elementor-widget-heading\" data-id=\"607d1e9\" data-element_type=\"widget\" data-widget_type=\"heading.default\">\n\t\t\t\t\t<h2 class=\"elementor-heading-title elementor-size-default\">Na\u0161e pokoje. <br><mark style=\"color:#969696\">Modern\u00ed a pohodln\u00e9.<\/mark><\/h2>\t\t\t\t<\/div>\n\t\t\t\t<\/div>\n\t\t<div class=\"elementor-element elementor-element-d2fa339 e-con-full e-flex e-con e-child\" data-id=\"d2fa339\" data-element_type=\"container\">\n\t\t\t\t<div class=\"elementor-element elementor-element-0a868b8 elementor-widget elementor-widget-text-editor\" data-id=\"0a868b8\" data-element_type=\"widget\" data-widget_type=\"text-editor.default\">\n\t\t\t\t\t\t\t\t\t<p>V\u00edce ne\u017e jen pobyt: pono\u0159te se do \u017eiv\u00e9 atmosf\u00e9ry a nechte se obklopit kr\u00e1sou na\u0161ich pokoj\u016f, vytvo\u0159en\u00fdch k tomu, aby v\u00e1s p\u0159ekvapily a h\u00fd\u010dkaly.<\/p>\t\t\t\t\t\t\t\t<\/div>\n\t\t\t\t<\/div>\n\t\t\t\t<\/div>\n\t\t<div class=\"elementor-element elementor-element-566d22d e-con-full e-flex e-con e-child\" data-id=\"566d22d\" data-element_type=\"container\">\n\t\t<div class=\"elementor-element elementor-element-3cc6801 e-con-full e-flex e-con e-child\" data-id=\"3cc6801\" data-element_type=\"container\">\n\t\t<div class=\"elementor-element elementor-element-c900473 e-con-full e-flex e-con e-child\" data-id=\"c900473\" data-element_type=\"container\" data-settings=\"{&quot;background_background&quot;:&quot;classic&quot;}\">\n\t\t<div class=\"elementor-element elementor-element-f974f0f e-con-full e-flex e-con e-child\" data-id=\"f974f0f\" data-element_type=\"container\">\n\t\t\t\t<div class=\"elementor-element elementor-element-c7fa375 elementor-widget elementor-widget-heading\" data-id=\"c7fa375\" data-element_type=\"widget\" data-widget_type=\"heading.default\">\n\t\t\t\t\t<h5 class=\"elementor-heading-title elementor-size-default\">Dvoul\u016f\u017ekov\u00fd pokoj<\/h5>\t\t\t\t<\/div>\n\t\t\t\t<div class=\"elementor-element elementor-element-53a6fd6 elementor-view-default elementor-widget elementor-widget-icon\" data-id=\"53a6fd6\" data-element_type=\"widget\" data-widget_type=\"icon.default\">\n\t\t\t\t\t\t\t<div class=\"elementor-icon-wrapper\">\n\t\t\t<div class=\"elementor-icon\">\n\t\t\t\t\t\t<\/div>\n\t\t<\/div>\n\t\t\t\t\t\t<\/div>\n\t\t\t\t<\/div>\n\t\t\t\t<div class=\"elementor-element elementor-element-39fd331 elementor-widget elementor-widget-text-editor\" data-id=\"39fd331\" data-element_type=\"widget\" data-widget_type=\"text-editor.default\">\n\t\t\t\t\t\t\t\t\t<p>Dvoul\u016f\u017ekov\u00fd pokoj s balkonem<\/p>\t\t\t\t\t\t\t\t<\/div>\n\t\t\t\t<div class=\"elementor-element elementor-element-b4e9a8b elementor-widget elementor-widget-image\" data-id=\"b4e9a8b\" data-element_type=\"widget\" data-widget_type=\"image.default\">\n\t\t\t\t\t\t\t\t\t\t\t\t\t\t\t<img decoding=\"async\" width=\"1024\" height=\"561\" src=\"https:\/\/www.universalhotel.it\/wp-content\/uploads\/2026\/01\/CAMERA_-Personalizzato-1024x561.jpg\" class=\"attachment-large size-large wp-image-2330\" alt=\"\" srcset=\"https:\/\/www.universalhotel.it\/wp-content\/uploads\/2026\/01\/CAMERA_-Personalizzato-1024x561.jpg 1024w, https:\/\/www.universalhotel.it\/wp-content\/uploads\/2026\/01\/CAMERA_-Personalizzato-300x164.jpg 300w, https:\/\/www.universalhotel.it\/wp-content\/uploads\/2026\/01\/CAMERA_-Personalizzato-768x421.jpg 768w, https:\/\/www.universalhotel.it\/wp-content\/uploads\/2026\/01\/CAMERA_-Personalizzato-1536x841.jpg 1536w, https:\/\/www.universalhotel.it\/wp-content\/uploads\/2026\/01\/CAMERA_-Personalizzato-2048x1122.jpg 2048w\" sizes=\"(max-width: 1024px) 100vw, 1024px\" \/>\t\t\t\t\t\t\t\t\t\t\t\t\t\t\t<\/div>\n\t\t\t\t<\/div>\n\t\t<div class=\"elementor-element elementor-element-d20bfa8 e-con-full e-flex e-con e-child\" data-id=\"d20bfa8\" data-element_type=\"container\" data-settings=\"{&quot;background_background&quot;:&quot;classic&quot;}\">\n\t\t<div class=\"elementor-element elementor-element-2354754 e-con-full e-flex e-con e-child\" data-id=\"2354754\" data-element_type=\"container\">\n\t\t\t\t<div class=\"elementor-element elementor-element-de713a5 elementor-widget elementor-widget-heading\" data-id=\"de713a5\" data-element_type=\"widget\" data-widget_type=\"heading.default\">\n\t\t\t\t\t<h5 class=\"elementor-heading-title elementor-size-default\">Mal\u00fd dvoul\u016f\u017ekov\u00fd pokoj<\/h5>\t\t\t\t<\/div>\n\t\t\t\t<div class=\"elementor-element elementor-element-6fe9832 elementor-view-default elementor-widget elementor-widget-icon\" data-id=\"6fe9832\" data-element_type=\"widget\" data-widget_type=\"icon.default\">\n\t\t\t\t\t\t\t<div class=\"elementor-icon-wrapper\">\n\t\t\t<div class=\"elementor-icon\">\n\t\t\t\t\t\t<\/div>\n\t\t<\/div>\n\t\t\t\t\t\t<\/div>\n\t\t\t\t<\/div>\n\t\t\t\t<div class=\"elementor-element elementor-element-0b3f457 elementor-widget elementor-widget-text-editor\" data-id=\"0b3f457\" data-element_type=\"widget\" data-widget_type=\"text-editor.default\">\n\t\t\t\t\t\t\t\t\t<p>Komfortn\u00ed dvoul\u016f\u017ekov\u00fd pokoj s balkonem<\/p>\t\t\t\t\t\t\t\t<\/div>\n\t\t\t\t<div class=\"elementor-element elementor-element-2086448 elementor-widget elementor-widget-image\" data-id=\"2086448\" data-element_type=\"widget\" data-widget_type=\"image.default\">\n\t\t\t\t\t\t\t\t\t\t\t\t\t\t\t<img decoding=\"async\" width=\"1024\" height=\"561\" src=\"https:\/\/www.universalhotel.it\/wp-content\/uploads\/2026\/01\/CAMERA_-Personalizzato-1024x561.jpg\" class=\"attachment-large size-large wp-image-2330\" alt=\"\" srcset=\"https:\/\/www.universalhotel.it\/wp-content\/uploads\/2026\/01\/CAMERA_-Personalizzato-1024x561.jpg 1024w, https:\/\/www.universalhotel.it\/wp-content\/uploads\/2026\/01\/CAMERA_-Personalizzato-300x164.jpg 300w, https:\/\/www.universalhotel.it\/wp-content\/uploads\/2026\/01\/CAMERA_-Personalizzato-768x421.jpg 768w, https:\/\/www.universalhotel.it\/wp-content\/uploads\/2026\/01\/CAMERA_-Personalizzato-1536x841.jpg 1536w, https:\/\/www.universalhotel.it\/wp-content\/uploads\/2026\/01\/CAMERA_-Personalizzato-2048x1122.jpg 2048w\" sizes=\"(max-width: 1024px) 100vw, 1024px\" \/>\t\t\t\t\t\t\t\t\t\t\t\t\t\t\t<\/div>\n\t\t\t\t<\/div>\n\t\t<div class=\"elementor-element elementor-element-8cca874 e-con-full e-flex e-con e-child\" data-id=\"8cca874\" data-element_type=\"container\" data-settings=\"{&quot;background_background&quot;:&quot;classic&quot;}\">\n\t\t<div class=\"elementor-element elementor-element-4ada795 e-con-full e-flex e-con e-child\" data-id=\"4ada795\" data-element_type=\"container\">\n\t\t\t\t<div class=\"elementor-element elementor-element-f48c126 elementor-widget elementor-widget-heading\" data-id=\"f48c126\" data-element_type=\"widget\" data-widget_type=\"heading.default\">\n\t\t\t\t\t<h5 class=\"elementor-heading-title elementor-size-default\">T\u0159\u00edl\u016f\u017ekov\u00fd propojen\u00fd pokoj<\/h5>\t\t\t\t<\/div>\n\t\t\t\t<div class=\"elementor-element elementor-element-fbb9508 elementor-view-default elementor-widget elementor-widget-icon\" data-id=\"fbb9508\" data-element_type=\"widget\" data-widget_type=\"icon.default\">\n\t\t\t\t\t\t\t<div class=\"elementor-icon-wrapper\">\n\t\t\t<div class=\"elementor-icon\">\n\t\t\t\t\t\t<\/div>\n\t\t<\/div>\n\t\t\t\t\t\t<\/div>\n\t\t\t\t<\/div>\n\t\t\t\t<div class=\"elementor-element elementor-element-171c963 elementor-widget elementor-widget-text-editor\" data-id=\"171c963\" data-element_type=\"widget\" data-widget_type=\"text-editor.default\">\n\t\t\t\t\t\t\t\t\t<p>T\u0159\u00edl\u016f\u017ekov\u00fd propojen\u00fd pokoj s balkonem s v\u00fdhledem na mo\u0159e<\/p>\t\t\t\t\t\t\t\t<\/div>\n\t\t\t\t<div class=\"elementor-element elementor-element-862e2ed elementor-widget elementor-widget-image\" data-id=\"862e2ed\" data-element_type=\"widget\" data-widget_type=\"image.default\">\n\t\t\t\t\t\t\t\t\t\t\t\t\t\t\t<img decoding=\"async\" width=\"1024\" height=\"561\" src=\"https:\/\/www.universalhotel.it\/wp-content\/uploads\/2026\/01\/CAMERA_-Personalizzato-1024x561.jpg\" class=\"attachment-large size-large wp-image-2330\" alt=\"\" srcset=\"https:\/\/www.universalhotel.it\/wp-content\/uploads\/2026\/01\/CAMERA_-Personalizzato-1024x561.jpg 1024w, https:\/\/www.universalhotel.it\/wp-content\/uploads\/2026\/01\/CAMERA_-Personalizzato-300x164.jpg 300w, https:\/\/www.universalhotel.it\/wp-content\/uploads\/2026\/01\/CAMERA_-Personalizzato-768x421.jpg 768w, https:\/\/www.universalhotel.it\/wp-content\/uploads\/2026\/01\/CAMERA_-Personalizzato-1536x841.jpg 1536w, https:\/\/www.universalhotel.it\/wp-content\/uploads\/2026\/01\/CAMERA_-Personalizzato-2048x1122.jpg 2048w\" sizes=\"(max-width: 1024px) 100vw, 1024px\" \/>\t\t\t\t\t\t\t\t\t\t\t\t\t\t\t<\/div>\n\t\t\t\t<\/div>\n\t\t\t\t<\/div>\n\t\t\t\t<\/div>\n\t\t\t\t\t<\/div>\n\t\t\t\t<\/div>\n\t\t<div class=\"elementor-element elementor-element-320877a e-flex e-con-boxed e-con e-parent\" data-id=\"320877a\" data-element_type=\"container\" data-settings=\"{&quot;background_background&quot;:&quot;classic&quot;}\">\n\t\t\t\t\t<div class=\"e-con-inner\">\n\t\t\t\t\t<\/div>\n\t\t\t\t<\/div>\n\t\t<div class=\"elementor-element elementor-element-49aa6c5 e-flex e-con-boxed e-con e-parent\" data-id=\"49aa6c5\" data-element_type=\"container\" data-settings=\"{&quot;background_background&quot;:&quot;classic&quot;}\">\n\t\t\t\t\t<div class=\"e-con-inner\">\n\t\t<div class=\"elementor-element elementor-element-bed5808 e-con-full ct-backdrop e-flex e-con e-child\" data-id=\"bed5808\" data-element_type=\"container\">\n\t\t\t\t<div class=\"elementor-element elementor-element-dbc7b05 elementor-widget elementor-widget-heading\" data-id=\"dbc7b05\" data-element_type=\"widget\" data-widget_type=\"heading.default\">\n\t\t\t\t\t<h2 class=\"elementor-heading-title elementor-size-default\">Caorle. <br><mark style=\"color:#72725f\">Mo\u0159e jako doma.<\/mark><\/h2>\t\t\t\t<\/div>\n\t\t\t\t<div class=\"elementor-element elementor-element-68004c1 elementor-widget elementor-widget-text-editor\" data-id=\"68004c1\" data-element_type=\"widget\" data-widget_type=\"text-editor.default\">\n\t\t\t\t\t\t\t\t\t<p>Kr\u00e1sa historick\u00e9 vesnice, relaxace na nekone\u010dn\u00fdch pl\u00e1\u017e\u00edch a ta autentick\u00e1 pohostinnost, kter\u00e1 v\u00e1s v\u017edy nech\u00e1 c\u00edtit se jako \u010destn\u00fd host. Caorle: kde m\u00e1 dovolen\u00e1 rytmus va\u0161eho srdce a pohodl\u00ed mo\u0159e jako doma.<\/p>\t\t\t\t\t\t\t\t<\/div>\n\t\t\t\t<\/div>\n\t\t\t\t\t<\/div>\n\t\t\t\t<\/div>\n\t\t\t\t<\/div>\n\t\t","protected":false},"excerpt":{"rendered":"<p>Stejn\u00e9 mo\u0159e. Nov\u00fd z\u00e1\u017eitek. Va\u0161e p\u0159\u00ed\u0161t\u00ed dovolen\u00e1 v Caorle, nov\u00fd z\u00e1\u017eitek relaxace a pohodl\u00ed. Pot\u011b\u0161en\u00ed z dovolen\u00e9 p\u00e1r krok\u016f od mo\u0159e: v\u00edtejte v Hotelu Universal V\u00fdhodn\u00e1 poloha 50 metr\u016f od soukrom\u00e9 pl\u00e1\u017ee, design zam\u011b\u0159en\u00fd na va\u0161e blaho. Pono\u0159te se do tepla na\u0161eho baz\u00e9nu, objevujte m\u011bsto na na\u0161ich kolech a u\u017e\u00edvejte si pohodl\u00ed zcela zrekonstruovan\u00e9ho za\u0159\u00edzen\u00ed [&hellip;]<\/p>\n","protected":false},"author":1,"featured_media":0,"parent":0,"menu_order":0,"comment_status":"closed","ping_status":"closed","template":"","meta":{"footnotes":""},"class_list":["post-2365","page","type-page","status-publish","hentry"],"blocksy_meta":{"has_hero_section":"disabled","vertical_spacing_source":"custom","content_area_spacing":"none","styles_descriptor":{"styles":{"desktop":"","tablet":"","mobile":""},"google_fonts":[],"version":6}},"yoast_head":"<!-- This site is optimized with the Yoast SEO plugin v26.8 - https:\/\/yoast.com\/product\/yoast-seo-wordpress\/ -->\n<title>Hotel Universal 3 hv\u011bzdi\u010dky superior v Caorle, vyh\u0159\u00edvan\u00fd baz\u00e9n, 50 m od mo\u0159e - Hotel Universal<\/title>\n<meta name=\"description\" content=\"Hotel s vyh\u0159\u00edvan\u00fdm baz\u00e9nem 50 m od mo\u0159e v Caorle. Parkov\u00e1n\u00ed, pl\u00e1\u017e, kola, sn\u00eddan\u011b v cen\u011b. Pl\u00e1\u017e Levante - Caorle.\" \/>\n<meta name=\"robots\" content=\"index, follow, max-snippet:-1, max-image-preview:large, max-video-preview:-1\" \/>\n<link rel=\"canonical\" href=\"https:\/\/www.universalhotel.it\/cs\/domu\/\" \/>\n<meta property=\"og:locale\" content=\"cs_CZ\" \/>\n<meta property=\"og:type\" content=\"article\" \/>\n<meta property=\"og:title\" content=\"Hotel Universal 3 hv\u011bzdi\u010dky superior v Caorle, vyh\u0159\u00edvan\u00fd baz\u00e9n, 50 m od mo\u0159e - Hotel Universal\" \/>\n<meta property=\"og:description\" content=\"Hotel s vyh\u0159\u00edvan\u00fdm baz\u00e9nem 50 m od mo\u0159e v Caorle. Parkov\u00e1n\u00ed, pl\u00e1\u017e, kola, sn\u00eddan\u011b v cen\u011b. Pl\u00e1\u017e Levante - Caorle.\" \/>\n<meta property=\"og:url\" content=\"https:\/\/www.universalhotel.it\/cs\/domu\/\" \/>\n<meta property=\"og:site_name\" content=\"Hotel Universal\" \/>\n<meta property=\"article:publisher\" content=\"https:\/\/www.facebook.com\/HotelUniversalCaorle\" \/>\n<meta property=\"article:modified_time\" content=\"2026-02-03T10:55:58+00:00\" \/>\n<meta property=\"og:image\" content=\"https:\/\/www.universalhotel.it\/wp-content\/uploads\/2026\/02\/20260202_174001.jpg\" \/>\n\t<meta property=\"og:image:width\" content=\"1639\" \/>\n\t<meta property=\"og:image:height\" content=\"1229\" \/>\n\t<meta property=\"og:image:type\" content=\"image\/jpeg\" \/>\n<meta name=\"twitter:card\" content=\"summary_large_image\" \/>\n<meta name=\"twitter:label1\" content=\"Odhadovan\u00e1 doba \u010dten\u00ed\" \/>\n\t<meta name=\"twitter:data1\" content=\"1 minuta\" \/>\n<script type=\"application\/ld+json\" class=\"yoast-schema-graph\">{\"@context\":\"https:\/\/schema.org\",\"@graph\":[{\"@type\":\"WebPage\",\"@id\":\"https:\/\/www.universalhotel.it\/cs\/domu\/\",\"url\":\"https:\/\/www.universalhotel.it\/cs\/domu\/\",\"name\":\"Hotel Universal 3 hv\u011bzdi\u010dky superior v Caorle, vyh\u0159\u00edvan\u00fd baz\u00e9n, 50 m od mo\u0159e - Hotel Universal\",\"isPartOf\":{\"@id\":\"https:\/\/www.universalhotel.it\/#website\"},\"primaryImageOfPage\":{\"@id\":\"https:\/\/www.universalhotel.it\/cs\/domu\/#primaryimage\"},\"image\":{\"@id\":\"https:\/\/www.universalhotel.it\/cs\/domu\/#primaryimage\"},\"thumbnailUrl\":\"https:\/\/www.universalhotel.it\/wp-content\/uploads\/2026\/02\/20260202_174001-1024x768.jpg\",\"datePublished\":\"2025-09-10T13:34:59+00:00\",\"dateModified\":\"2026-02-03T10:55:58+00:00\",\"description\":\"Hotel s vyh\u0159\u00edvan\u00fdm baz\u00e9nem 50 m od mo\u0159e v Caorle. Parkov\u00e1n\u00ed, pl\u00e1\u017e, kola, sn\u00eddan\u011b v cen\u011b. Pl\u00e1\u017e Levante - Caorle.\",\"breadcrumb\":{\"@id\":\"https:\/\/www.universalhotel.it\/cs\/domu\/#breadcrumb\"},\"inLanguage\":\"cs\",\"potentialAction\":[{\"@type\":\"ReadAction\",\"target\":[\"https:\/\/www.universalhotel.it\/cs\/domu\/\"]}]},{\"@type\":\"ImageObject\",\"inLanguage\":\"cs\",\"@id\":\"https:\/\/www.universalhotel.it\/cs\/domu\/#primaryimage\",\"url\":\"https:\/\/www.universalhotel.it\/wp-content\/uploads\/2026\/02\/20260202_174001-1024x768.jpg\",\"contentUrl\":\"https:\/\/www.universalhotel.it\/wp-content\/uploads\/2026\/02\/20260202_174001-1024x768.jpg\"},{\"@type\":\"BreadcrumbList\",\"@id\":\"https:\/\/www.universalhotel.it\/cs\/domu\/#breadcrumb\",\"itemListElement\":[{\"@type\":\"ListItem\",\"position\":1,\"name\":\"Home\",\"item\":\"https:\/\/www.universalhotel.it\/cs\/domu\/\"},{\"@type\":\"ListItem\",\"position\":2,\"name\":\"Dom\u016f\"}]},{\"@type\":\"WebSite\",\"@id\":\"https:\/\/www.universalhotel.it\/#website\",\"url\":\"https:\/\/www.universalhotel.it\/\",\"name\":\"Hotel Universal\",\"description\":\"Hotel 3 stelle superior a Caorle\",\"publisher\":{\"@id\":\"https:\/\/www.universalhotel.it\/#organization\"},\"potentialAction\":[{\"@type\":\"SearchAction\",\"target\":{\"@type\":\"EntryPoint\",\"urlTemplate\":\"https:\/\/www.universalhotel.it\/?s={search_term_string}\"},\"query-input\":{\"@type\":\"PropertyValueSpecification\",\"valueRequired\":true,\"valueName\":\"search_term_string\"}}],\"inLanguage\":\"cs\"},{\"@type\":\"Organization\",\"@id\":\"https:\/\/www.universalhotel.it\/#organization\",\"name\":\"Hotel Universal\",\"url\":\"https:\/\/www.universalhotel.it\/\",\"logo\":{\"@type\":\"ImageObject\",\"inLanguage\":\"cs\",\"@id\":\"https:\/\/www.universalhotel.it\/#\/schema\/logo\/image\/\",\"url\":\"https:\/\/www.universalhotel.it\/wp-content\/uploads\/2026\/01\/logo.svg\",\"contentUrl\":\"https:\/\/www.universalhotel.it\/wp-content\/uploads\/2026\/01\/logo.svg\",\"width\":1855,\"height\":432,\"caption\":\"Hotel Universal\"},\"image\":{\"@id\":\"https:\/\/www.universalhotel.it\/#\/schema\/logo\/image\/\"},\"sameAs\":[\"https:\/\/www.facebook.com\/HotelUniversalCaorle\",\"https:\/\/www.instagram.com\/hotel_universal_caorle\"]}]}<\/script>\n<!-- \/ Yoast SEO plugin. -->","yoast_head_json":{"title":"Hotel Universal 3 hv\u011bzdi\u010dky superior v Caorle, vyh\u0159\u00edvan\u00fd baz\u00e9n, 50 m od mo\u0159e - Hotel Universal","description":"Hotel s vyh\u0159\u00edvan\u00fdm baz\u00e9nem 50 m od mo\u0159e v Caorle. Parkov\u00e1n\u00ed, pl\u00e1\u017e, kola, sn\u00eddan\u011b v cen\u011b. Pl\u00e1\u017e Levante - Caorle.","robots":{"index":"index","follow":"follow","max-snippet":"max-snippet:-1","max-image-preview":"max-image-preview:large","max-video-preview":"max-video-preview:-1"},"canonical":"https:\/\/www.universalhotel.it\/cs\/domu\/","og_locale":"cs_CZ","og_type":"article","og_title":"Hotel Universal 3 hv\u011bzdi\u010dky superior v Caorle, vyh\u0159\u00edvan\u00fd baz\u00e9n, 50 m od mo\u0159e - Hotel Universal","og_description":"Hotel s vyh\u0159\u00edvan\u00fdm baz\u00e9nem 50 m od mo\u0159e v Caorle. Parkov\u00e1n\u00ed, pl\u00e1\u017e, kola, sn\u00eddan\u011b v cen\u011b. Pl\u00e1\u017e Levante - Caorle.","og_url":"https:\/\/www.universalhotel.it\/cs\/domu\/","og_site_name":"Hotel Universal","article_publisher":"https:\/\/www.facebook.com\/HotelUniversalCaorle","article_modified_time":"2026-02-03T10:55:58+00:00","og_image":[{"width":1639,"height":1229,"url":"https:\/\/www.universalhotel.it\/wp-content\/uploads\/2026\/02\/20260202_174001.jpg","type":"image\/jpeg"}],"twitter_card":"summary_large_image","twitter_misc":{"Odhadovan\u00e1 doba \u010dten\u00ed":"1 minuta"},"schema":{"@context":"https:\/\/schema.org","@graph":[{"@type":"WebPage","@id":"https:\/\/www.universalhotel.it\/cs\/domu\/","url":"https:\/\/www.universalhotel.it\/cs\/domu\/","name":"Hotel Universal 3 hv\u011bzdi\u010dky superior v Caorle, vyh\u0159\u00edvan\u00fd baz\u00e9n, 50 m od mo\u0159e - Hotel Universal","isPartOf":{"@id":"https:\/\/www.universalhotel.it\/#website"},"primaryImageOfPage":{"@id":"https:\/\/www.universalhotel.it\/cs\/domu\/#primaryimage"},"image":{"@id":"https:\/\/www.universalhotel.it\/cs\/domu\/#primaryimage"},"thumbnailUrl":"https:\/\/www.universalhotel.it\/wp-content\/uploads\/2026\/02\/20260202_174001-1024x768.jpg","datePublished":"2025-09-10T13:34:59+00:00","dateModified":"2026-02-03T10:55:58+00:00","description":"Hotel s vyh\u0159\u00edvan\u00fdm baz\u00e9nem 50 m od mo\u0159e v Caorle. Parkov\u00e1n\u00ed, pl\u00e1\u017e, kola, sn\u00eddan\u011b v cen\u011b. Pl\u00e1\u017e Levante - Caorle.","breadcrumb":{"@id":"https:\/\/www.universalhotel.it\/cs\/domu\/#breadcrumb"},"inLanguage":"cs","potentialAction":[{"@type":"ReadAction","target":["https:\/\/www.universalhotel.it\/cs\/domu\/"]}]},{"@type":"ImageObject","inLanguage":"cs","@id":"https:\/\/www.universalhotel.it\/cs\/domu\/#primaryimage","url":"https:\/\/www.universalhotel.it\/wp-content\/uploads\/2026\/02\/20260202_174001-1024x768.jpg","contentUrl":"https:\/\/www.universalhotel.it\/wp-content\/uploads\/2026\/02\/20260202_174001-1024x768.jpg"},{"@type":"BreadcrumbList","@id":"https:\/\/www.universalhotel.it\/cs\/domu\/#breadcrumb","itemListElement":[{"@type":"ListItem","position":1,"name":"Home","item":"https:\/\/www.universalhotel.it\/cs\/domu\/"},{"@type":"ListItem","position":2,"name":"Dom\u016f"}]},{"@type":"WebSite","@id":"https:\/\/www.universalhotel.it\/#website","url":"https:\/\/www.universalhotel.it\/","name":"Hotel Universal","description":"Hotel 3 stelle superior a Caorle","publisher":{"@id":"https:\/\/www.universalhotel.it\/#organization"},"potentialAction":[{"@type":"SearchAction","target":{"@type":"EntryPoint","urlTemplate":"https:\/\/www.universalhotel.it\/?s={search_term_string}"},"query-input":{"@type":"PropertyValueSpecification","valueRequired":true,"valueName":"search_term_string"}}],"inLanguage":"cs"},{"@type":"Organization","@id":"https:\/\/www.universalhotel.it\/#organization","name":"Hotel Universal","url":"https:\/\/www.universalhotel.it\/","logo":{"@type":"ImageObject","inLanguage":"cs","@id":"https:\/\/www.universalhotel.it\/#\/schema\/logo\/image\/","url":"https:\/\/www.universalhotel.it\/wp-content\/uploads\/2026\/01\/logo.svg","contentUrl":"https:\/\/www.universalhotel.it\/wp-content\/uploads\/2026\/01\/logo.svg","width":1855,"height":432,"caption":"Hotel Universal"},"image":{"@id":"https:\/\/www.universalhotel.it\/#\/schema\/logo\/image\/"},"sameAs":["https:\/\/www.facebook.com\/HotelUniversalCaorle","https:\/\/www.instagram.com\/hotel_universal_caorle"]}]}},"_links":{"self":[{"href":"https:\/\/www.universalhotel.it\/cs\/wp-json\/wp\/v2\/pages\/2365","targetHints":{"allow":["GET"]}}],"collection":[{"href":"https:\/\/www.universalhotel.it\/cs\/wp-json\/wp\/v2\/pages"}],"about":[{"href":"https:\/\/www.universalhotel.it\/cs\/wp-json\/wp\/v2\/types\/page"}],"author":[{"embeddable":true,"href":"https:\/\/www.universalhotel.it\/cs\/wp-json\/wp\/v2\/users\/1"}],"replies":[{"embeddable":true,"href":"https:\/\/www.universalhotel.it\/cs\/wp-json\/wp\/v2\/comments?post=2365"}],"version-history":[{"count":4,"href":"https:\/\/www.universalhotel.it\/cs\/wp-json\/wp\/v2\/pages\/2365\/revisions"}],"predecessor-version":[{"id":2514,"href":"https:\/\/www.universalhotel.it\/cs\/wp-json\/wp\/v2\/pages\/2365\/revisions\/2514"}],"wp:attachment":[{"href":"https:\/\/www.universalhotel.it\/cs\/wp-json\/wp\/v2\/media?parent=2365"}],"curies":[{"name":"wp","href":"https:\/\/api.w.org\/{rel}","templated":true}]}}